{"id":68,"date":"2006-12-13T14:49:03","date_gmt":"2006-12-13T19:49:03","guid":{"rendered":"http:\/\/blogs.sld.cu\/blazo\/about\/"},"modified":"2015-01-14T19:33:36","modified_gmt":"2015-01-14T19:33:36","slug":"about","status":"publish","type":"page","link":"https:\/\/blogs.sld.cu\/blazo\/about\/","title":{"rendered":"Acerca de"},"content":{"rendered":"<p class=\"MsoNormal\"><span>Soy bibliotecaria graduada en 1976 de T\u00e9cnico medio en esa especialidad, y posteriormente obtuve el t\u00edtulo de Licenciada en Informaci\u00f3n Cient\u00edfico T\u00e9cnica y Bibliotecolog\u00eda, en la Universidad de La Habana. Aspirante a investigadora y profesora adjunta de la Universidad de La Habana.<\/span><\/p>\n<p class=\"MsoNormal\"><span>En la actualidad me desempe\u00f1o como vicedirectora de Infomed &#8211; Centro Nacional de Informaci\u00f3n de Salud,\u00a0 a cargo de \u00a0la\u00a0 Atenci\u00f3n al Sistema\u00a0Bibliotecas y Centros de Informaci\u00f3n de salud. Adem\u00e1s de dirigir la Biblioteca M\u00e9dica Nacional.<\/span><\/p>\n<p class=\"MsoNormal\">\n<p>&nbsp;<\/p>\n<p class=\"MsoNormal\"><span>Desde 1976 comenc\u00e9 a trabajar en la <a title=\"Biblioteca M\u00e9dica Nacional\" href=\"http:\/\/www.sld.cu\/sitios\/bmn\">Biblioteca M\u00e9dica Nacional<\/a>, ubicada en la calle 23 No. 162, esq. a N. Vedado, en la zona de La Rampa, lugar c\u00e9ntrico de La Habana, la capital de Cuba. <\/span><\/p>\n<p class=\"MsoNormal\">\n<p>&nbsp;<\/p>\n<p class=\"MsoNormal\"><span>La Biblioteca M\u00e9dica Nacional fue creada en 1965 bajo la autoridad del Ministerio de Salud P\u00fablica, y est\u00e1 subordinada a <a title=\"Infomed \" href=\"http:\/\/www.sld.cu\/\">Infomed<\/a> &#8211; Centro Nacional de Informaci\u00f3n de Ciencias M\u00e9dicas. <\/span><\/p>\n<p class=\"MsoNormal\">\n<p>&nbsp;<\/p>\n<p class=\"MsoNormal\"><span>Esta Biblioteca es reconocida como modelo de referencia en el Sistema Nacional de Informaci\u00f3n de Salud, lo que ha sido posible, por la calidad de los servicios de informaci\u00f3n que en ella se brindan a los miembros del sector de la salud y a otros sectores. <\/span><\/p>\n<p class=\"MsoNormal\">\n<p>&nbsp;<\/p>\n<p class=\"MsoNormal\"><span>Importantes libros, revistas y tesis existen en sus colecciones, que incluyen miles de t\u00edtulos.<\/span><\/p>\n<p class=\"MsoNormal\">\n<p>&nbsp;<\/p>\n<p class=\"MsoNormal\"><span>Estas colecciones son ofrecidas en varios medios y formatos. Se presentan en los cat\u00e1logos generales y descriptivos en l\u00ednea, exhibici\u00f3n de revistas y libros en vitrinas. Adem\u00e1s mientras el usuario espera por servicios, puede mirar televisi\u00f3n o video en la biblioteca, donde continuamente se muestran documentales o noticias cient\u00edficas o referidos al sector de la salud.<\/span><\/p>\n<p class=\"MsoNormal\">\n<p>&nbsp;<\/p>\n<p class=\"MsoNormal\"><span>En cuanto a formatos, las colecciones se muestran en discos compactos, materiales audiovisuales e impresos, adem\u00e1s de textos completos que pueden ser consultados, en las Bibliotecas Virtuales de salud en l\u00ednea, combinando las tecnolog\u00edas de la informaci\u00f3n y las telecomunicaciones. <\/span><\/p>\n<p class=\"MsoNormal\">\n<p>&nbsp;<\/p>\n<p class=\"MsoNormal\"><span>Los usuarios pueden disfrutar de un moderno laboratorio con computadoras para entrenamientos, una sala de lectura general y una sala para la navegaci\u00f3n por Internet. Adem\u00e1s, como no s\u00f3lo de ciencia vive el hombre, la biblioteca cuenta con un \u00e1rea de exhibici\u00f3n art\u00edstica que es renovada con periodicidad.<\/span><\/p>\n<p class=\"MsoNormal\">\n<p>&nbsp;<\/p>\n<p class=\"MsoNormal\"><span>Siento una gran satisfacci\u00f3n cuando afirmo que me gusta mi trabajo, porque las bibliotecas son centros culturales que ofrecen una amplia sabidur\u00eda, conocimientos y bienestar. En mi caso siempre he trabajado en una biblioteca especializada en temas de salud, y puedo asegurar que \u00e9stas son muy importantes porque con la informaci\u00f3n que facilitan a sus usuarios, contribuyen a salvar vidas.<\/span><\/p>\n<p class=\"MsoNormal\">\n<p><span><span>No tengo duda alguna al manifestar que, si tuviera que iniciar mi vida estudiantil, volver\u00eda a estudiar bibliotecolog\u00eda m\u00e9dica. <\/span><\/span><\/p>\n","protected":false},"excerpt":{"rendered":"<p>Soy bibliotecaria graduada en 1976 de T\u00e9cnico medio en esa especialidad, y posteriormente obtuve el t\u00edtulo de Licenciada en Informaci\u00f3n Cient\u00edfico T\u00e9cnica y Bibliotecolog\u00eda, en la Universidad de La Habana. Aspirante a investigadora y profesora adjunta de la Universidad de La Habana. En la actualidad me desempe\u00f1o como vicedirectora de Infomed &#8211; Centro Nacional de [&hellip;]<\/p>\n","protected":false},"author":175,"featured_media":0,"parent":0,"menu_order":0,"comment_status":"open","ping_status":"open","template":"","meta":[],"_links":{"self":[{"href":"https:\/\/blogs.sld.cu\/blazo\/wp-json\/wp\/v2\/pages\/68"}],"collection":[{"href":"https:\/\/blogs.sld.cu\/blazo\/wp-json\/wp\/v2\/pages"}],"about":[{"href":"https:\/\/blogs.sld.cu\/blazo\/wp-json\/wp\/v2\/types\/page"}],"author":[{"embeddable":true,"href":"https:\/\/blogs.sld.cu\/blazo\/wp-json\/wp\/v2\/users\/175"}],"replies":[{"embeddable":true,"href":"https:\/\/blogs.sld.cu\/blazo\/wp-json\/wp\/v2\/comments?post=68"}],"version-history":[{"count":1,"href":"https:\/\/blogs.sld.cu\/blazo\/wp-json\/wp\/v2\/pages\/68\/revisions"}],"predecessor-version":[{"id":196,"href":"https:\/\/blogs.sld.cu\/blazo\/wp-json\/wp\/v2\/pages\/68\/revisions\/196"}],"wp:attachment":[{"href":"https:\/\/blogs.sld.cu\/blazo\/wp-json\/wp\/v2\/media?parent=68"}],"curies":[{"name":"wp","href":"https:\/\/api.w.org\/{rel}","templated":true}]}}