{"id":4,"date":"2020-11-09T20:40:00","date_gmt":"2020-11-09T20:40:00","guid":{"rendered":"http:\/\/blogs.sld.cu\/carlosjfinlay\/?page_id=4"},"modified":"2020-11-09T20:41:20","modified_gmt":"2020-11-09T20:41:20","slug":"mapa-de-sitio","status":"publish","type":"page","link":"https:\/\/blogs.sld.cu\/carlosjfinlay\/mapa-de-sitio\/","title":{"rendered":"Mapa de Sitio"},"content":{"rendered":"<div class='html-sitemap sitemap'>\n<h2>P\u00e1ginas<\/h2>\n<ul class='pages'>\n<li class=\"page_item page-item-4 current_page_item\"><a href=\"https:\/\/blogs.sld.cu\/carlosjfinlay\/mapa-de-sitio\/\" aria-current=\"page\">Mapa de Sitio<\/a><\/li>\n<li class=\"page_item page-item-2\"><a href=\"https:\/\/blogs.sld.cu\/carlosjfinlay\/pagina-ejemplo\/\">P\u00e1gina de ejemplo<\/a><\/li>\n<li class=\"page_item page-item-501\"><a href=\"https:\/\/blogs.sld.cu\/carlosjfinlay\/biografia-3\/\">Sinopsis<\/a><\/li>\n<li class=\"page_item page-item-816\"><a href=\"https:\/\/blogs.sld.cu\/carlosjfinlay\/biografia-2\/\">Biograf\u00eda<\/a><\/li>\n<li class=\"page_item page-item-332\"><a href=\"https:\/\/blogs.sld.cu\/carlosjfinlay\/centenario-de-finlay\/\">Centenario de Finlay<\/a><\/li>\n<li class=\"page_item page-item-270 page_item_has_children\"><a href=\"https:\/\/blogs.sld.cu\/carlosjfinlay\/comprobacion-de-la-teoria\/\">Comprobaci\u00f3n de la Teor\u00eda<\/a>\n<ul class='children'>\n\t<li class=\"page_item page-item-274\"><a href=\"https:\/\/blogs.sld.cu\/carlosjfinlay\/comprobacion-de-la-teoria\/campamento-lazear\/\">Campamento Lazear<\/a><\/li>\n\t<li class=\"page_item page-item-280\"><a href=\"https:\/\/blogs.sld.cu\/carlosjfinlay\/comprobacion-de-la-teoria\/comisiones-medicas-creadas-por-estados-unidos\/\">Comisiones M\u00e9dicas creadas por Estados Unidos<\/a><\/li>\n\t<li class=\"page_item page-item-286\"><a href=\"https:\/\/blogs.sld.cu\/carlosjfinlay\/comprobacion-de-la-teoria\/correspondencia\/\">Correspondencia<\/a><\/li>\n\t<li class=\"page_item page-item-289\"><a href=\"https:\/\/blogs.sld.cu\/carlosjfinlay\/comprobacion-de-la-teoria\/reivindicacion\/\">Reivindicaci\u00f3n<\/a><\/li>\n\t<li class=\"page_item page-item-292\"><a href=\"https:\/\/blogs.sld.cu\/carlosjfinlay\/comprobacion-de-la-teoria\/voluntarios\/\">Voluntarios<\/a><\/li>\n<\/ul>\n<\/li>\n<li class=\"page_item page-item-339\"><a href=\"https:\/\/blogs.sld.cu\/carlosjfinlay\/dia-de-la-medicina\/\">D\u00eda de la Medicina<\/a><\/li>\n<li class=\"page_item page-item-346\"><a href=\"https:\/\/blogs.sld.cu\/carlosjfinlay\/oracion-finlay\/\">Oraci\u00f3n Finlay<\/a><\/li>\n<li class=\"page_item page-item-300 page_item_has_children\"><a href=\"https:\/\/blogs.sld.cu\/carlosjfinlay\/publicaciones\/\">Publicaciones<\/a>\n<ul class='children'>\n\t<li class=\"page_item page-item-1098\"><a href=\"https:\/\/blogs.sld.cu\/carlosjfinlay\/publicaciones\/el-mosquito-hipoteticamente-considerado-como-agente-de-transmision-de-la-fiebre-amarilla\/\">El mosquito hipot\u00e9ticamente considerado como agente de transmisi\u00f3n de la fiebre amarilla<\/a><\/li>\n\t<li class=\"page_item page-item-1078\"><a href=\"https:\/\/blogs.sld.cu\/carlosjfinlay\/publicaciones\/los-mosquitos-considerados-como-agentes-de-transmision-de-la-fiebre-amarilla-y-de-la-malaria\/\">Los Mosquitos considerados como agentes de transmisi\u00f3n de la Fiebre Amarilla y de la Malaria<\/a><\/li>\n\t<li class=\"page_item page-item-1023\"><a href=\"https:\/\/blogs.sld.cu\/carlosjfinlay\/publicaciones\/patologia-y-terapeutica-del-aparato-lenticular-del-ojo-traduccion-del-aleman-por-carlos-j-finlay-1876\/\">Patolog\u00eda y terap\u00e9utica del aparato lenticular del ojo (traducci\u00f3n del alem\u00e1n por Carlos J. Finlay. 1876)<\/a><\/li>\n\t<li class=\"page_item page-item-303\"><a href=\"https:\/\/blogs.sld.cu\/carlosjfinlay\/publicaciones\/manual-de-practica-sanitaria\/\">Manual de Pr\u00e1ctica Sanitaria<\/a><\/li>\n\t<li class=\"page_item page-item-307\"><a href=\"https:\/\/blogs.sld.cu\/carlosjfinlay\/publicaciones\/publicaciones-1864-al-1912\/\">Publicaciones 1864 al 1912<\/a><\/li>\n\t<li class=\"page_item page-item-314\"><a href=\"https:\/\/blogs.sld.cu\/carlosjfinlay\/publicaciones\/publicaciones-de-finlay-sobre-la-fiebre-amarilla\/\">Publicaciones de Finlay sobre la Fiebre Amarilla<\/a><\/li>\n\t<li class=\"page_item page-item-318\"><a href=\"https:\/\/blogs.sld.cu\/carlosjfinlay\/publicaciones\/sobre-los-casos-esporadicos-de-fiebre-amarilla\/\">Sobre los casos espor\u00e1dicos de Fiebre Amarilla<\/a><\/li>\n\t<li class=\"page_item page-item-859\"><a href=\"https:\/\/blogs.sld.cu\/carlosjfinlay\/publicaciones\/anales-de-la-academia-de-ciencias-medicas-fisicas-y-naturales-de-la-habana-1866\/\">Anales de la Academia de Ciencias M\u00e9dicas, F\u00edsicas y Naturales de La Habana.<\/a><\/li>\n<\/ul>\n<\/li>\n<li class=\"page_item page-item-462 page_item_has_children\"><a href=\"https:\/\/blogs.sld.cu\/carlosjfinlay\/homenajes\/\">Homenajes<\/a>\n<ul class='children'>\n\t<li class=\"page_item page-item-466\"><a href=\"https:\/\/blogs.sld.cu\/carlosjfinlay\/homenajes\/centenario-de-finlay-2\/\">Centenario de Finlay<\/a><\/li>\n\t<li class=\"page_item page-item-478\"><a href=\"https:\/\/blogs.sld.cu\/carlosjfinlay\/homenajes\/dia-de-la-medicina-2\/\">D\u00eda de la Medicina<\/a><\/li>\n\t<li class=\"page_item page-item-1048\"><a href=\"https:\/\/blogs.sld.cu\/carlosjfinlay\/homenajes\/documentos-de-homenaje\/\">Documentos de homenaje<\/a><\/li>\n<\/ul>\n<\/li>\n<li class=\"page_item page-item-351 page_item_has_children\"><a href=\"https:\/\/blogs.sld.cu\/carlosjfinlay\/galeria\/\">Galeria<\/a>\n<ul class='children'>\n\t<li class=\"page_item page-item-699\"><a href=\"https:\/\/blogs.sld.cu\/carlosjfinlay\/galeria\/finlayhttpvideosalud2020-sld-cuindex-phpvideosaludindexmanagerfilesfinlay-mov\/\">Finlay<\/a><\/li>\n\t<li class=\"page_item page-item-663\"><a href=\"https:\/\/blogs.sld.cu\/carlosjfinlay\/galeria\/carlos-j-finlay-500-anos-de-ciencia-en-la-habana\/\">Carlos J. Finlay. 500 a\u00f1os de ciencia en La Habana.<\/a><\/li>\n\t<li class=\"page_item page-item-669\"><a href=\"https:\/\/blogs.sld.cu\/carlosjfinlay\/galeria\/casa-natal-de-carlos-j-finlay-2\/\">Casa Natal de Carlos J. Finlay<\/a><\/li>\n\t<li class=\"page_item page-item-554\"><a href=\"https:\/\/blogs.sld.cu\/carlosjfinlay\/galeria\/dr-aristides-agramonte\/\">Personalidades que intercambiaron correspondencia<\/a><\/li>\n\t<li class=\"page_item page-item-594\"><a href=\"https:\/\/blogs.sld.cu\/carlosjfinlay\/galeria\/comprobacion-de-la-teoria\/\">Comprobaci\u00f3n de la teor\u00eda<\/a><\/li>\n\t<li class=\"page_item page-item-570\"><a href=\"https:\/\/blogs.sld.cu\/carlosjfinlay\/galeria\/emision-de-sellos-postales\/\">Emisi\u00f3n de sellos postales<\/a><\/li>\n\t<li class=\"page_item page-item-583\"><a href=\"https:\/\/blogs.sld.cu\/carlosjfinlay\/galeria\/reivindicacion-de-finlay\/\">Reivindicaci\u00f3n de Finlay<\/a><\/li>\n\t<li class=\"page_item page-item-550\"><a href=\"https:\/\/blogs.sld.cu\/carlosjfinlay\/galeria\/dr-horacio-abascal-vera\/\">Dr. Horacio Abascal Vera<\/a><\/li>\n\t<li class=\"page_item page-item-642\"><a href=\"https:\/\/blogs.sld.cu\/carlosjfinlay\/galeria\/videos\/\">Juan Carlos Finlay y la Fiebre Amarilla<\/a><\/li>\n<\/ul>\n<\/li>\n<\/ul>\n<h2>Categor\u00edas<\/h2>\n<ul class='categories'>\n\t<li class=\"cat-item cat-item-21\"><a href=\"https:\/\/blogs.sld.cu\/carlosjfinlay\/category\/campamento-lazear\/\">Campamento Lazear<\/a>\n<\/li>\n\t<li class=\"cat-item cat-item-23\"><a href=\"https:\/\/blogs.sld.cu\/carlosjfinlay\/category\/dia-de-la-medicina\/\">D\u00eda de la Medicina<\/a>\n<\/li>\n\t<li class=\"cat-item cat-item-11\"><a href=\"https:\/\/blogs.sld.cu\/carlosjfinlay\/category\/fiebre-amarilla\/\">Fiebre Amarilla<\/a>\n<\/li>\n\t<li class=\"cat-item cat-item-10\"><a href=\"https:\/\/blogs.sld.cu\/carlosjfinlay\/category\/finlay\/\">Finlay<\/a>\n<\/li>\n\t<li class=\"cat-item cat-item-22\"><a href=\"https:\/\/blogs.sld.cu\/carlosjfinlay\/category\/manual-de-practica-sanitaria\/\">Manual de Pr\u00e1ctica Sanitaria<\/a>\n<\/li>\n\t<li class=\"cat-item cat-item-12\"><a href=\"https:\/\/blogs.sld.cu\/carlosjfinlay\/category\/mosquito-aedes-aegypti\/\">Mosquito Aedes Aegypti<\/a>\n<\/li>\n<\/ul>\n<h2>Etiquetas<\/h2>\n<ul class='tags'>\n<li class=\"cat-item-none\">No hay categor\u00edas<\/li><\/ul>\n<\/div><!-- end .html-sitemap -->\n\n","protected":false},"excerpt":{"rendered":"","protected":false},"author":218,"featured_media":0,"parent":0,"menu_order":0,"comment_status":"closed","ping_status":"closed","template":"","meta":[],"_links":{"self":[{"href":"https:\/\/blogs.sld.cu\/carlosjfinlay\/wp-json\/wp\/v2\/pages\/4"}],"collection":[{"href":"https:\/\/blogs.sld.cu\/carlosjfinlay\/wp-json\/wp\/v2\/pages"}],"about":[{"href":"https:\/\/blogs.sld.cu\/carlosjfinlay\/wp-json\/wp\/v2\/types\/page"}],"author":[{"embeddable":true,"href":"https:\/\/blogs.sld.cu\/carlosjfinlay\/wp-json\/wp\/v2\/users\/218"}],"replies":[{"embeddable":true,"href":"https:\/\/blogs.sld.cu\/carlosjfinlay\/wp-json\/wp\/v2\/comments?post=4"}],"version-history":[{"count":1,"href":"https:\/\/blogs.sld.cu\/carlosjfinlay\/wp-json\/wp\/v2\/pages\/4\/revisions"}],"predecessor-version":[{"id":509,"href":"https:\/\/blogs.sld.cu\/carlosjfinlay\/wp-json\/wp\/v2\/pages\/4\/revisions\/509"}],"wp:attachment":[{"href":"https:\/\/blogs.sld.cu\/carlosjfinlay\/wp-json\/wp\/v2\/media?parent=4"}],"curies":[{"name":"wp","href":"https:\/\/api.w.org\/{rel}","templated":true}]}}