{"id":19,"date":"2020-02-22T03:54:06","date_gmt":"2020-02-22T03:54:06","guid":{"rendered":"http:\/\/blogs.sld.cu\/dolor\/?page_id=19"},"modified":"2021-01-12T12:53:56","modified_gmt":"2021-01-12T12:53:56","slug":"tratamientos-no-farmacologicos","status":"publish","type":"page","link":"https:\/\/blogs.sld.cu\/dolor\/tratamientos-no-farmacologicos\/","title":{"rendered":"Tratamientos no farmacol\u00f3gicos del dolor"},"content":{"rendered":"<p><span style=\"font-size: 10pt\">La aplicaci\u00f3n de medidas no farmacol\u00f3gicas en el tratamiento del dolor no sustituye al tratamiento farmacol\u00f3gico, sino que estas act\u00faan de forma complementaria para optimizar su control. Estas medidas se pueden emplear siempre que no exista contraindicaci\u00f3n para ello.<\/span><\/p>\n<table style=\"height: 33px;border-color: #170404;background-color: #e6dce8\" border=\"5\" width=\"459\">\n<tbody>\n<tr>\n<td>\n<p style=\"text-align: justify\"><span style=\"font-size: 10pt\">\u00a0\u00bf<strong>Sab\u00edas que&#8230;?<\/strong><\/span><\/p>\n<p style=\"text-align: justify\"><span style=\"font-size: 10pt\"><strong>Existen otros tratamientos no farmacol\u00f3gicos que\u00a0 ayudan a aliviar el dolor<\/strong><\/span><\/p>\n<\/td>\n<\/tr>\n<\/tbody>\n<\/table>\n<p><span style=\"font-size: 10pt\"><strong>Estas medidas se centran en tres \u00e1mbitos de actuaci\u00f3n:<\/strong><\/span><\/p>\n<ul>\n<li><span style=\"font-size: 10pt\">Intervenciones ambientales<\/span><\/li>\n<li><span style=\"font-size: 10pt\">Conductuales<\/span><\/li>\n<li><span style=\"font-size: 10pt\">F\u00edsicas<\/span><\/li>\n<\/ul>\n<p><span style=\"font-size: 10pt\">El objetivo de la aplicaci\u00f3n de estas medidas es aumentar el confort del paciente, reducir el estr\u00e9s y las consecuencias indeseables relacionadas con los procedimientos terap\u00e9uticos.<\/span><\/p>\n<p style=\"text-align: justify\"><span style=\"color: #800080;font-size: 10pt\">\u00a0<strong>Medidas ambientales<\/strong><\/span><\/p>\n<ul>\n<li><span style=\"font-size: 10pt\">Crear un entorno tranquilo.<\/span><\/li>\n<li><span style=\"font-size: 10pt\">Reducir la intensidad de la luz.<\/span><\/li>\n<li><span style=\"font-size: 10pt\">Mantener una temperatura agradable.<\/span><\/li>\n<li><span style=\"font-size: 10pt\">Reducir el volumen sonoro.<\/span><\/li>\n<li><span style=\"font-size: 10pt\">Utilizaci\u00f3n de musicoterapia.<\/span><\/li>\n<\/ul>\n<p style=\"text-align: justify\"><span style=\"color: #800080;font-size: 10pt\"><strong>Medidas conductuales<\/strong><\/span><\/p>\n<ul>\n<li><span style=\"font-size: 10pt\">Ense\u00f1ar al paciente a manifestar el dolor antes de que \u00e9ste se vuelva m\u00e1s intenso.<\/span><\/li>\n<li><span style=\"font-size: 10pt\">Facilitar la comunicaci\u00f3n con el paciente demostrando una actitud emp\u00e1tica y una escucha activa.<\/span><\/li>\n<li><span style=\"font-size: 10pt\">Realizar t\u00e9cnicas de relajaci\u00f3n, efectuando respiraciones r\u00edtmicas, profundas y lentas: inspirando el aire con la sensaci\u00f3n de que se expande todo el cuerpo y expirando con un suspiro, mantener una postura tranquila con las extremidades bien relajadas y las palmas de las manos apoyadas sobre la cama o en la zona abdominal, de esta forma reforzamos la sensaci\u00f3n de bienestar al notar el ritmo de la respiraci\u00f3n.<\/span><\/li>\n<\/ul>\n<p style=\"text-align: justify\"><span style=\"color: #800080;font-size: 10pt\"><strong>Modalidades F\u00edsicas<\/strong><\/span><\/p>\n<p><span style=\"font-size: 10pt\">Son tratamientos auxiliares para reducir el dolor y maximizar la funci\u00f3n.<\/span><\/p>\n<ul>\n<li><span style=\"font-size: 10pt\">Aplicaci\u00f3n de medidas anti\u00e1lgicas, realizando movilizaciones corporales que ayuden a aumentar el bienestar del paciente mediante cambios posturales y uso adecuado de almohadas o dispositivos.<\/span><\/li>\n<li><span style=\"font-size: 10pt\">Movilizaci\u00f3n precoz. La inactividad f\u00edsica provoca rigidez articular y disminuci\u00f3n de la fuerza muscular.<\/span><\/li>\n<li><span style=\"font-size: 10pt\">Aplicaci\u00f3n de masajes siempre que no exista contraindicaci\u00f3n.<\/span><\/li>\n<li><span style=\"font-size: 10pt\">Aplicaci\u00f3n de crioterapia (fr\u00edo): se utiliza en el tratamiento del dolor postoperatorio en cirug\u00eda de articulaciones.<\/span><\/li>\n<li><span style=\"font-size: 10pt\">Aplicaci\u00f3n de calor: superficial con l\u00e1mparas de calor, bolsas calientes y parafina y calor profundo por medio de diatermia, termoterapia, hidroterapia, ultrasonido terap\u00e9utico y las l\u00e1mparas de infrarrojo<\/span><\/li>\n<li><span style=\"font-size: 10pt\">La compresi\u00f3n por medio de vendas compresivas como por ejemplo la venda el\u00e1stica en el linfedema, que puede ser empleada en el tratamiento de la trombosis venosa profunda y de las \u00falceras venosas por estasis.<\/span><\/li>\n<\/ul>\n<p><span style=\"font-size: 10pt\">\u00a0<\/span><\/p>\n","protected":false},"excerpt":{"rendered":"<p>La aplicaci\u00f3n de medidas no farmacol\u00f3gicas en el tratamiento del dolor no sustituye al tratamiento farmacol\u00f3gico, sino que estas act\u00faan de forma complementaria para optimizar su control. Estas medidas se pueden emplear siempre que no exista contraindicaci\u00f3n para ello. \u00a0\u00bfSab\u00edas que&#8230;? Existen otros tratamientos no farmacol\u00f3gicos que\u00a0 ayudan a aliviar el dolor Estas medidas se [&hellip;]<\/p>\n","protected":false},"author":208,"featured_media":0,"parent":0,"menu_order":0,"comment_status":"closed","ping_status":"open","template":"","meta":[],"_links":{"self":[{"href":"https:\/\/blogs.sld.cu\/dolor\/wp-json\/wp\/v2\/pages\/19"}],"collection":[{"href":"https:\/\/blogs.sld.cu\/dolor\/wp-json\/wp\/v2\/pages"}],"about":[{"href":"https:\/\/blogs.sld.cu\/dolor\/wp-json\/wp\/v2\/types\/page"}],"author":[{"embeddable":true,"href":"https:\/\/blogs.sld.cu\/dolor\/wp-json\/wp\/v2\/users\/208"}],"replies":[{"embeddable":true,"href":"https:\/\/blogs.sld.cu\/dolor\/wp-json\/wp\/v2\/comments?post=19"}],"version-history":[{"count":13,"href":"https:\/\/blogs.sld.cu\/dolor\/wp-json\/wp\/v2\/pages\/19\/revisions"}],"predecessor-version":[{"id":381,"href":"https:\/\/blogs.sld.cu\/dolor\/wp-json\/wp\/v2\/pages\/19\/revisions\/381"}],"wp:attachment":[{"href":"https:\/\/blogs.sld.cu\/dolor\/wp-json\/wp\/v2\/media?parent=19"}],"curies":[{"name":"wp","href":"https:\/\/api.w.org\/{rel}","templated":true}]}}