{"id":129,"date":"2021-11-25T02:34:23","date_gmt":"2021-11-25T02:34:23","guid":{"rendered":"https:\/\/blogs.sld.cu\/ictus\/?page_id=129"},"modified":"2021-11-26T03:10:06","modified_gmt":"2021-11-26T03:10:06","slug":"recursos","status":"publish","type":"page","link":"https:\/\/blogs.sld.cu\/ictus\/recursos\/","title":{"rendered":"Recursos"},"content":{"rendered":"<p>&nbsp;<\/p>\n<p>&nbsp;<\/p>\n<p><strong><u><a href=\"https:\/\/www.google.com\/url?sa=t&amp;rct=j&amp;q=&amp;esrc=s&amp;source=web&amp;cd=&amp;ved=2ahUKEwikoLj-sbT0AhXNRDABHVqsBicQFnoECCwQAQ&amp;url=https%3A%2F%2Fwww.clinicbarcelona.org%2Fasistencia%2Fenfermedades%2Fictus%2Fdefinicion&amp;usg=AOvVaw1O_2qCqkAczOINtyWW7e0B\">\u00bfQu\u00e9 es un ictus? | PortalCL\u00cdNIC &#8211; Hospital Cl\u00ednic Barcelona<\/a><\/u><\/strong><\/p>\n<p><em><u><a href=\"https:\/\/www.google.com\/url?sa=t&amp;rct=j&amp;q=&amp;esrc=s&amp;source=web&amp;cd=&amp;ved=2ahUKEwikoLj-sbT0AhXNRDABHVqsBicQFnoECCwQAQ&amp;url=https%3A%2F%2Fwww.clinicbarcelona.org%2Fasistencia%2Fenfermedades%2Fictus%2Fdefinicion&amp;usg=AOvVaw1O_2qCqkAczOINtyWW7e0B\">https:\/\/www.clinicbarcelona.org \u203a Enfermedades \u203a Ictus<\/a><\/u><\/em><\/p>\n<p>&nbsp;<\/p>\n<p>&nbsp;<\/p>\n<p><strong><u><a href=\"https:\/\/www.cun.es\/enfermedades-tratamientos\/enfermedades\/ictus\">Ictus-ACV s\u00edntomas y tratamiento | Cl\u00ednica Universidad Navarra<\/a><\/u><\/strong><\/p>\n<p><em><u><a href=\"https:\/\/www.cun.es\/enfermedades-tratamientos\/enfermedades\/ictus\">https:\/\/www.cun.es \u203a enfermedades \u203a ictus<\/a><\/u><\/em><\/p>\n<p>&nbsp;<\/p>\n<p>\u00bfCu\u00e1les son los s\u00edntomas de un <em>ictus<\/em>? \u00b7 P\u00e9rdida de fuerza en la mitad del cuerpo (cara, brazo y pierna del mismo lado). \u00b7 Dificultad para hablar. \u00b7 P\u00e9rdida de\u00a0&#8230;<\/p>\n<p>&nbsp;<\/p>\n<p>&nbsp;<\/p>\n<p><strong><u><a href=\"https:\/\/cuidateplus.marca.com\/enfermedades\/neurologicas\/ictus.html\">Ictus Cerebral: Tratamientos, s\u00edntomas, causas e informaci\u00f3n<\/a><\/u><\/strong><\/p>\n<p><em><u><a href=\"https:\/\/cuidateplus.marca.com\/enfermedades\/neurologicas\/ictus.html\">https:\/\/cuidateplus.marca.com \u203a &#8230; \u203a Neurol\u00f3gicas \u203a Ictus<\/a><\/u><\/em><\/p>\n<p>&nbsp;<\/p>\n","protected":false},"excerpt":{"rendered":"<p>&nbsp; &nbsp; \u00bfQu\u00e9 es un ictus? | PortalCL\u00cdNIC &#8211; Hospital Cl\u00ednic Barcelona https:\/\/www.clinicbarcelona.org \u203a Enfermedades \u203a Ictus &nbsp; &nbsp; Ictus-ACV s\u00edntomas y tratamiento | Cl\u00ednica Universidad Navarra https:\/\/www.cun.es \u203a enfermedades \u203a ictus &nbsp; \u00bfCu\u00e1les son los s\u00edntomas de un ictus? \u00b7 P\u00e9rdida de fuerza en la mitad del cuerpo (cara, brazo y pierna del mismo [&hellip;]<\/p>\n","protected":false},"author":208,"featured_media":0,"parent":0,"menu_order":0,"comment_status":"closed","ping_status":"closed","template":"","meta":[],"_links":{"self":[{"href":"https:\/\/blogs.sld.cu\/ictus\/wp-json\/wp\/v2\/pages\/129"}],"collection":[{"href":"https:\/\/blogs.sld.cu\/ictus\/wp-json\/wp\/v2\/pages"}],"about":[{"href":"https:\/\/blogs.sld.cu\/ictus\/wp-json\/wp\/v2\/types\/page"}],"author":[{"embeddable":true,"href":"https:\/\/blogs.sld.cu\/ictus\/wp-json\/wp\/v2\/users\/208"}],"replies":[{"embeddable":true,"href":"https:\/\/blogs.sld.cu\/ictus\/wp-json\/wp\/v2\/comments?post=129"}],"version-history":[{"count":4,"href":"https:\/\/blogs.sld.cu\/ictus\/wp-json\/wp\/v2\/pages\/129\/revisions"}],"predecessor-version":[{"id":138,"href":"https:\/\/blogs.sld.cu\/ictus\/wp-json\/wp\/v2\/pages\/129\/revisions\/138"}],"wp:attachment":[{"href":"https:\/\/blogs.sld.cu\/ictus\/wp-json\/wp\/v2\/media?parent=129"}],"curies":[{"name":"wp","href":"https:\/\/api.w.org\/{rel}","templated":true}]}}