{"id":164,"date":"2021-01-07T07:57:47","date_gmt":"2021-01-07T07:57:47","guid":{"rendered":"http:\/\/blogs.sld.cu\/parkinson\/?page_id=164"},"modified":"2021-03-06T05:55:43","modified_gmt":"2021-03-06T05:55:43","slug":"tratamientos","status":"publish","type":"page","link":"https:\/\/blogs.sld.cu\/parkinson\/tratamientos\/","title":{"rendered":"Tratamientos"},"content":{"rendered":"<p><span style=\"font-size: 12pt;font-family: verdana, geneva\">A pesar de los enormes avances en el campo de las neurociencias, no existe hoy en d\u00eda una curaci\u00f3n para la enfermedad y el tratamiento actual impide controlar de forma mantenida e indefinida los s\u00edntomas. Ante esta perspectiva terap\u00e9utica, se ha ido imponiendo un abordaje integral multi e interdisciplinar, desde el inicio del diagn\u00f3stico, a fin de que la atenci\u00f3n coordinada de diferentes profesionales de la salud subsane las necesidades de los afectados y sus familiares.<\/span><\/p>\n<p><span style=\"font-size: 12pt;font-family: verdana, geneva\"><strong>Tratamiento farmacol\u00f3gico<\/strong>: El tratamiento farmacol\u00f3gico sintom\u00e1tico debe considerar: el alivio sintom\u00e1tico, los resultados de las complicaciones a corto y largo plazo, el grado de evidencia de los f\u00e1rmacos disponibles en el momento actual, su disponibilidad en los diferentes sistemas de salud y la posibilidad individual o colectiva de acceso a ellos.<\/span><\/p>\n<ul>\n<li><span style=\"font-size: 12pt;font-family: verdana, geneva\">F\u00e1rmacos antiparkinsonianos: f\u00e1rmacos que aportan dopamina, que permiten recuperar las funciones del sistema nervioso central que se han perdido por la enfermedad y aumentar los a\u00f1os de vida de los pacientes.<\/span><\/li>\n<\/ul>\n<ul>\n<li><span style=\"font-size: 12pt;font-family: verdana, geneva\">Medicaci\u00f3n sintom\u00e1tica: f\u00e1rmacos que controlan las molestias secundarias causadas por la enfermedad, ejemplo los antidepresivos.<\/span><\/li>\n<\/ul>\n<p><span style=\"font-size: 12pt;font-family: verdana, geneva\"><strong>Tratamiento no farmacol\u00f3gico: <\/strong>Son numerosas las disciplinas, adem\u00e1s de la neurolog\u00eda y la neurocirug\u00eda, que intervienen en el manejo de la EP. Entre ellas encontramos:<\/span><\/p>\n<ul>\n<li><span style=\"font-size: 12pt;font-family: verdana, geneva\">La rehabilitaci\u00f3n con terapias complementarias tales como logopedia, fisioterapia, terapia ocupacional, la psicolog\u00eda y la neuropsicolog\u00eda hidroterapia, masajes, etc., que ayudan a mantener una vida activa y con el mayor grado de autocontrol de las funciones motoras.<\/span><\/li>\n<\/ul>\n<ul>\n<li><span style=\"font-size: 12pt;font-family: verdana, geneva\">Intervenciones quir\u00fargicas: reversibles o irreversibles, que ayudan a seleccionados pacientes a aliviar el parkinson.<\/span><\/li>\n<\/ul>\n<p><span style=\"font-family: verdana, geneva\"><strong>\u00a0<\/strong><\/span><\/p>\n","protected":false},"excerpt":{"rendered":"<p>A pesar de los enormes avances en el campo de las neurociencias, no existe hoy en d\u00eda una curaci\u00f3n para la enfermedad y el tratamiento actual impide controlar de forma mantenida e indefinida los s\u00edntomas. Ante esta perspectiva terap\u00e9utica, se ha ido imponiendo un abordaje integral multi e interdisciplinar, desde el inicio del diagn\u00f3stico, a [&hellip;]<\/p>\n","protected":false},"author":208,"featured_media":0,"parent":0,"menu_order":0,"comment_status":"closed","ping_status":"closed","template":"","meta":[],"_links":{"self":[{"href":"https:\/\/blogs.sld.cu\/parkinson\/wp-json\/wp\/v2\/pages\/164"}],"collection":[{"href":"https:\/\/blogs.sld.cu\/parkinson\/wp-json\/wp\/v2\/pages"}],"about":[{"href":"https:\/\/blogs.sld.cu\/parkinson\/wp-json\/wp\/v2\/types\/page"}],"author":[{"embeddable":true,"href":"https:\/\/blogs.sld.cu\/parkinson\/wp-json\/wp\/v2\/users\/208"}],"replies":[{"embeddable":true,"href":"https:\/\/blogs.sld.cu\/parkinson\/wp-json\/wp\/v2\/comments?post=164"}],"version-history":[{"count":7,"href":"https:\/\/blogs.sld.cu\/parkinson\/wp-json\/wp\/v2\/pages\/164\/revisions"}],"predecessor-version":[{"id":259,"href":"https:\/\/blogs.sld.cu\/parkinson\/wp-json\/wp\/v2\/pages\/164\/revisions\/259"}],"wp:attachment":[{"href":"https:\/\/blogs.sld.cu\/parkinson\/wp-json\/wp\/v2\/media?parent=164"}],"curies":[{"name":"wp","href":"https:\/\/api.w.org\/{rel}","templated":true}]}}